{"version":"1.0","provider_name":"SELENA FM S.A.","provider_url":"https:\/\/archiwum.selena.com\/pl\/","author_name":"Proformat","author_url":"https:\/\/archiwum.selena.com\/pl\/author\/proformat\/","title":"Selena w czo\u0142\u00f3wce rankingu PwC i Bisnode - SELENA FM S.A.","type":"rich","width":600,"height":338,"html":"<blockquote class=\"wp-embedded-content\" data-secret=\"7bLfvqGtUG\"><a href=\"https:\/\/archiwum.selena.com\/pl\/selena-w-czolowce-rankingu-pwc-i-bisnode\/\">Selena w czo\u0142\u00f3wce rankingu PwC i Bisnode<\/a><\/blockquote><iframe sandbox=\"allow-scripts\" security=\"restricted\" src=\"https:\/\/archiwum.selena.com\/pl\/selena-w-czolowce-rankingu-pwc-i-bisnode\/embed\/#?secret=7bLfvqGtUG\" width=\"600\" height=\"338\" title=\"&#8222;Selena w czo\u0142\u00f3wce rankingu PwC i Bisnode&#8221; &#8212; SELENA FM S.A.\" data-secret=\"7bLfvqGtUG\" frameborder=\"0\" marginwidth=\"0\" marginheight=\"0\" scrolling=\"no\" class=\"wp-embedded-content\"><\/iframe><script>\n\/*! This file is auto-generated *\/\n!function(d,l){\"use strict\";l.querySelector&&d.addEventListener&&\"undefined\"!=typeof URL&&(d.wp=d.wp||{},d.wp.receiveEmbedMessage||(d.wp.receiveEmbedMessage=function(e){var t=e.data;if((t||t.secret||t.message||t.value)&&!\/[^a-zA-Z0-9]\/.test(t.secret)){for(var s,r,n,a=l.querySelectorAll('iframe[data-secret=\"'+t.secret+'\"]'),o=l.querySelectorAll('blockquote[data-secret=\"'+t.secret+'\"]'),c=new RegExp(\"^https?:$\",\"i\"),i=0;i<o.length;i++)o[i].style.display=\"none\";for(i=0;i<a.length;i++)s=a[i],e.source===s.contentWindow&&(s.removeAttribute(\"style\"),\"height\"===t.message?(1e3<(r=parseInt(t.value,10))?r=1e3:~~r<200&&(r=200),s.height=r):\"link\"===t.message&&(r=new URL(s.getAttribute(\"src\")),n=new URL(t.value),c.test(n.protocol))&&n.host===r.host&&l.activeElement===s&&(d.top.location.href=t.value))}},d.addEventListener(\"message\",d.wp.receiveEmbedMessage,!1),l.addEventListener(\"DOMContentLoaded\",function(){for(var e,t,s=l.querySelectorAll(\"iframe.wp-embedded-content\"),r=0;r<s.length;r++)(t=(e=s[r]).getAttribute(\"data-secret\"))||(t=Math.random().toString(36).substring(2,12),e.src+=\"#?secret=\"+t,e.setAttribute(\"data-secret\",t)),e.contentWindow.postMessage({message:\"ready\",secret:t},\"*\")},!1)))}(window,document);\n\/\/# sourceURL=https:\/\/archiwum.selena.com\/wp-includes\/js\/wp-embed.min.js\n<\/script>\n","description":"Podczas styczniowej Gali BUILDER AWARDS wr\u0119czono presti\u017cowe wyr\u00f3\u017cnienia firmom z\u00a0bran\u017cy budownictwa i\u00a0architektury, a\u00a0tak\u017ce przyznano tytu\u0142y Osobowo\u015b\u0107 Roku 2019. W\u015br\u00f3d uhonorowanych firm znalaz\u0142a si\u0119 Selena, kt\u00f3ra opr\u00f3cz tytu\u0142u Budowlana Firma Roku zdoby\u0142a wysok\u0105 pozycj\u0119 w\u00a0Rankingu \u201eBuild...","thumbnail_url":"http:\/\/new.selena.com\/wp-content\/uploads\/ae4224ce1e99bfb58fb443f88c14cd45.jpg"}