{"version":"1.0","provider_name":"SELENA FM S.A.","provider_url":"https:\/\/archiwum.selena.com\/pl\/","author_name":"Proformat","author_url":"https:\/\/archiwum.selena.com\/pl\/author\/proformat\/","title":"Selena w czo\u0142\u00f3wce rankingu PwC i Bisnode - SELENA FM S.A.","type":"rich","width":600,"height":338,"html":"<blockquote class=\"wp-embedded-content\" data-secret=\"oVuNhVHPUv\"><a href=\"https:\/\/archiwum.selena.com\/pl\/selena-w-czolowce-rankingu-pwc-i-bisnode\/\">Selena w czo\u0142\u00f3wce rankingu PwC i Bisnode<\/a><\/blockquote><iframe sandbox=\"allow-scripts\" security=\"restricted\" src=\"https:\/\/archiwum.selena.com\/pl\/selena-w-czolowce-rankingu-pwc-i-bisnode\/embed\/#?secret=oVuNhVHPUv\" width=\"600\" height=\"338\" title=\"&#8222;Selena w czo\u0142\u00f3wce rankingu PwC i Bisnode&#8221; &#8212; SELENA FM S.A.\" data-secret=\"oVuNhVHPUv\" frameborder=\"0\" marginwidth=\"0\" marginheight=\"0\" scrolling=\"no\" class=\"wp-embedded-content\"><\/iframe><script>\n\/*! This file is auto-generated *\/\n!function(c,d){\"use strict\";var e=!1,o=!1;if(d.querySelector)if(c.addEventListener)e=!0;if(c.wp=c.wp||{},c.wp.receiveEmbedMessage);else if(c.wp.receiveEmbedMessage=function(e){var t=e.data;if(!t);else if(!(t.secret||t.message||t.value));else if(\/[^a-zA-Z0-9]\/.test(t.secret));else{for(var r,s,a,i=d.querySelectorAll('iframe[data-secret=\"'+t.secret+'\"]'),n=d.querySelectorAll('blockquote[data-secret=\"'+t.secret+'\"]'),o=new RegExp(\"^https?:$\",\"i\"),l=0;l<n.length;l++)n[l].style.display=\"none\";for(l=0;l<i.length;l++)if(r=i[l],e.source!==r.contentWindow);else{if(r.removeAttribute(\"style\"),\"height\"===t.message){if(1e3<(s=parseInt(t.value,10)))s=1e3;else if(~~s<200)s=200;r.height=s}if(\"link\"===t.message)if(s=d.createElement(\"a\"),a=d.createElement(\"a\"),s.href=r.getAttribute(\"src\"),a.href=t.value,!o.test(a.protocol));else if(a.host===s.host)if(d.activeElement===r)c.top.location.href=t.value}}},e)c.addEventListener(\"message\",c.wp.receiveEmbedMessage,!1),d.addEventListener(\"DOMContentLoaded\",t,!1),c.addEventListener(\"load\",t,!1);function t(){if(o);else{o=!0;for(var e,t,r,s=-1!==navigator.appVersion.indexOf(\"MSIE 10\"),a=!!navigator.userAgent.match(\/Trident.*rv:11\\.\/),i=d.querySelectorAll(\"iframe.wp-embedded-content\"),n=0;n<i.length;n++){if(!(r=(t=i[n]).getAttribute(\"data-secret\")))r=Math.random().toString(36).substr(2,10),t.src+=\"#?secret=\"+r,t.setAttribute(\"data-secret\",r);if(s||a)(e=t.cloneNode(!0)).removeAttribute(\"security\"),t.parentNode.replaceChild(e,t);t.contentWindow.postMessage({message:\"ready\",secret:r},\"*\")}}}}(window,document);\n<\/script>\n","description":"Podczas styczniowej Gali BUILDER AWARDS wr\u0119czono presti\u017cowe wyr\u00f3\u017cnienia firmom z\u00a0bran\u017cy budownictwa i\u00a0architektury, a\u00a0tak\u017ce przyznano tytu\u0142y Osobowo\u015b\u0107 Roku 2019. W\u015br\u00f3d uhonorowanych firm znalaz\u0142a si\u0119 Selena, kt\u00f3ra opr\u00f3cz tytu\u0142u Budowlana Firma Roku zdoby\u0142a wysok\u0105 pozycj\u0119 w\u00a0Rankingu \u201eBuild...","thumbnail_url":"http:\/\/new.selena.com\/wp-content\/uploads\/ae4224ce1e99bfb58fb443f88c14cd45.jpg"}