{"version":"1.0","provider_name":"SELENA FM S.A.","provider_url":"https:\/\/archiwum.selena.com\/pl\/","author_name":"Proformat","author_url":"https:\/\/archiwum.selena.com\/pl\/author\/proformat\/","title":"Krzysztof Domarecki Osobowo\u015bci\u0105 Dolnego \u015al\u0105ska - SELENA FM S.A.","type":"rich","width":600,"height":338,"html":"<blockquote class=\"wp-embedded-content\" data-secret=\"lzxgplbQRO\"><a href=\"https:\/\/archiwum.selena.com\/pl\/krzysztof-domarecki-osobowoscia-dolnego-slaska\/\">Krzysztof Domarecki Osobowo\u015bci\u0105 Dolnego \u015al\u0105ska<\/a><\/blockquote><iframe sandbox=\"allow-scripts\" security=\"restricted\" src=\"https:\/\/archiwum.selena.com\/pl\/krzysztof-domarecki-osobowoscia-dolnego-slaska\/embed\/#?secret=lzxgplbQRO\" width=\"600\" height=\"338\" title=\"&#8222;Krzysztof Domarecki Osobowo\u015bci\u0105 Dolnego \u015al\u0105ska&#8221; &#8212; SELENA FM S.A.\" data-secret=\"lzxgplbQRO\" frameborder=\"0\" marginwidth=\"0\" marginheight=\"0\" scrolling=\"no\" class=\"wp-embedded-content\"><\/iframe><script>\n\/*! This file is auto-generated *\/\n!function(d,l){\"use strict\";l.querySelector&&d.addEventListener&&\"undefined\"!=typeof URL&&(d.wp=d.wp||{},d.wp.receiveEmbedMessage||(d.wp.receiveEmbedMessage=function(e){var t=e.data;if((t||t.secret||t.message||t.value)&&!\/[^a-zA-Z0-9]\/.test(t.secret)){for(var s,r,n,a=l.querySelectorAll('iframe[data-secret=\"'+t.secret+'\"]'),o=l.querySelectorAll('blockquote[data-secret=\"'+t.secret+'\"]'),c=new RegExp(\"^https?:$\",\"i\"),i=0;i<o.length;i++)o[i].style.display=\"none\";for(i=0;i<a.length;i++)s=a[i],e.source===s.contentWindow&&(s.removeAttribute(\"style\"),\"height\"===t.message?(1e3<(r=parseInt(t.value,10))?r=1e3:~~r<200&&(r=200),s.height=r):\"link\"===t.message&&(r=new URL(s.getAttribute(\"src\")),n=new URL(t.value),c.test(n.protocol))&&n.host===r.host&&l.activeElement===s&&(d.top.location.href=t.value))}},d.addEventListener(\"message\",d.wp.receiveEmbedMessage,!1),l.addEventListener(\"DOMContentLoaded\",function(){for(var e,t,s=l.querySelectorAll(\"iframe.wp-embedded-content\"),r=0;r<s.length;r++)(t=(e=s[r]).getAttribute(\"data-secret\"))||(t=Math.random().toString(36).substring(2,12),e.src+=\"#?secret=\"+t,e.setAttribute(\"data-secret\",t)),e.contentWindow.postMessage({message:\"ready\",secret:t},\"*\")},!1)))}(window,document);\n\/\/# sourceURL=https:\/\/archiwum.selena.com\/wp-includes\/js\/wp-embed.min.js\n<\/script>\n","description":"Krzysztof Domarecki \u2013 Przewodnicz\u0105cy Rady Nadzorczej Grupy Selena oraz za\u0142o\u017cyciel Funduszu Fidiasz \u2013 otrzyma\u0142 wyr\u00f3\u017cnienie \u201eOsobowo\u015b\u0107 Dolnego \u015al\u0105ska\u201d w\u00a0konkursie \u201eGwiazdy Biznesu\u201d w\u00a0ramach Dolno\u015bl\u0105skiego Plebiscytu Gospodarczego. Wyr\u00f3\u017cnienie przyznawane przez Fundusz Regionu Wa\u0142brzyskiego wraz z\u00a0FRW Media Group...","thumbnail_url":"https:\/\/archiwum.selena.com\/wp-content\/uploads\/selena-logo.jpg","thumbnail_width":1200,"thumbnail_height":630}