{"version":"1.0","provider_name":"SELENA FM S.A.","provider_url":"https:\/\/archiwum.selena.com\/pl\/","author_name":"Proformat","author_url":"https:\/\/archiwum.selena.com\/pl\/author\/proformat\/","title":"Grupa Selena: Przy\u0142bice dla szpitali \u2013 inicjatywa pracownik\u00f3w - SELENA FM S.A.","type":"rich","width":600,"height":338,"html":"<blockquote class=\"wp-embedded-content\" data-secret=\"xRMiPNfTcO\"><a href=\"https:\/\/archiwum.selena.com\/pl\/grupa-selena-przylbice-dla-szpitali-inicjatywa-pracownikow\/\">Grupa Selena: Przy\u0142bice dla szpitali \u2013 inicjatywa pracownik\u00f3w<\/a><\/blockquote><iframe sandbox=\"allow-scripts\" security=\"restricted\" src=\"https:\/\/archiwum.selena.com\/pl\/grupa-selena-przylbice-dla-szpitali-inicjatywa-pracownikow\/embed\/#?secret=xRMiPNfTcO\" width=\"600\" height=\"338\" title=\"&#8222;Grupa Selena: Przy\u0142bice dla szpitali \u2013 inicjatywa pracownik\u00f3w&#8221; &#8212; SELENA FM S.A.\" data-secret=\"xRMiPNfTcO\" frameborder=\"0\" marginwidth=\"0\" marginheight=\"0\" scrolling=\"no\" class=\"wp-embedded-content\"><\/iframe><script>\n\/*! This file is auto-generated *\/\n!function(c,d){\"use strict\";var e=!1,o=!1;if(d.querySelector)if(c.addEventListener)e=!0;if(c.wp=c.wp||{},c.wp.receiveEmbedMessage);else if(c.wp.receiveEmbedMessage=function(e){var t=e.data;if(!t);else if(!(t.secret||t.message||t.value));else if(\/[^a-zA-Z0-9]\/.test(t.secret));else{for(var r,s,a,i=d.querySelectorAll('iframe[data-secret=\"'+t.secret+'\"]'),n=d.querySelectorAll('blockquote[data-secret=\"'+t.secret+'\"]'),o=new RegExp(\"^https?:$\",\"i\"),l=0;l<n.length;l++)n[l].style.display=\"none\";for(l=0;l<i.length;l++)if(r=i[l],e.source!==r.contentWindow);else{if(r.removeAttribute(\"style\"),\"height\"===t.message){if(1e3<(s=parseInt(t.value,10)))s=1e3;else if(~~s<200)s=200;r.height=s}if(\"link\"===t.message)if(s=d.createElement(\"a\"),a=d.createElement(\"a\"),s.href=r.getAttribute(\"src\"),a.href=t.value,!o.test(a.protocol));else if(a.host===s.host)if(d.activeElement===r)c.top.location.href=t.value}}},e)c.addEventListener(\"message\",c.wp.receiveEmbedMessage,!1),d.addEventListener(\"DOMContentLoaded\",t,!1),c.addEventListener(\"load\",t,!1);function t(){if(o);else{o=!0;for(var e,t,r,s=-1!==navigator.appVersion.indexOf(\"MSIE 10\"),a=!!navigator.userAgent.match(\/Trident.*rv:11\\.\/),i=d.querySelectorAll(\"iframe.wp-embedded-content\"),n=0;n<i.length;n++){if(!(r=(t=i[n]).getAttribute(\"data-secret\")))r=Math.random().toString(36).substr(2,10),t.src+=\"#?secret=\"+r,t.setAttribute(\"data-secret\",r);if(s||a)(e=t.cloneNode(!0)).removeAttribute(\"security\"),t.parentNode.replaceChild(e,t);t.contentWindow.postMessage({message:\"ready\",secret:r},\"*\")}}}}(window,document);\n<\/script>\n","description":"Pracownik Grupy Selena rozpocz\u0105\u0142 produkcj\u0119 przy\u0142bic oraz masek z\u00a0wymiennym filtrem i\u00a0bezp\u0142atnie przekazuje je szpitalom. Wszystkie materia\u0142y do wykonania przy\u0142bic oraz drukarki 3D pozyska\u0142 w\u00a0ramach w\u0142asnej inicjatywy. Bie\u017c\u0105ca partia obejmie 10.000 przy\u0142bic \u2013 planowane jest rozszerzenie...","thumbnail_url":"http:\/\/new.selena.com\/wp-content\/uploads\/68b18dfca62059e487d263498b538210.jpg"}