{"version":"1.0","provider_name":"Selena FM S.A.","provider_url":"https:\/\/archiwum.selena.com\/en\/","author_name":"Proformat","author_url":"https:\/\/archiwum.selena.com\/en\/author\/proformat\/","title":"Grupa Selena: Przy\u0142bice dla szpitali \u2013 inicjatywa pracownik\u00f3w - Selena FM S.A.","type":"rich","width":600,"height":338,"html":"<blockquote class=\"wp-embedded-content\" data-secret=\"SAGdQ6lB2S\"><a href=\"https:\/\/archiwum.selena.com\/en\/grupa-selena-przylbice-dla-szpitali-inicjatywa-pracownikow\/\">Grupa Selena: Przy\u0142bice dla szpitali \u2013 inicjatywa pracownik\u00f3w<\/a><\/blockquote><iframe sandbox=\"allow-scripts\" security=\"restricted\" src=\"https:\/\/archiwum.selena.com\/en\/grupa-selena-przylbice-dla-szpitali-inicjatywa-pracownikow\/embed\/#?secret=SAGdQ6lB2S\" width=\"600\" height=\"338\" title=\"&#8220;Grupa Selena: Przy\u0142bice dla szpitali \u2013 inicjatywa pracownik\u00f3w&#8221; &#8212; Selena FM S.A.\" data-secret=\"SAGdQ6lB2S\" frameborder=\"0\" marginwidth=\"0\" marginheight=\"0\" scrolling=\"no\" class=\"wp-embedded-content\"><\/iframe><script>\n\/*! This file is auto-generated *\/\n!function(d,l){\"use strict\";l.querySelector&&d.addEventListener&&\"undefined\"!=typeof URL&&(d.wp=d.wp||{},d.wp.receiveEmbedMessage||(d.wp.receiveEmbedMessage=function(e){var t=e.data;if((t||t.secret||t.message||t.value)&&!\/[^a-zA-Z0-9]\/.test(t.secret)){for(var s,r,n,a=l.querySelectorAll('iframe[data-secret=\"'+t.secret+'\"]'),o=l.querySelectorAll('blockquote[data-secret=\"'+t.secret+'\"]'),c=new RegExp(\"^https?:$\",\"i\"),i=0;i<o.length;i++)o[i].style.display=\"none\";for(i=0;i<a.length;i++)s=a[i],e.source===s.contentWindow&&(s.removeAttribute(\"style\"),\"height\"===t.message?(1e3<(r=parseInt(t.value,10))?r=1e3:~~r<200&&(r=200),s.height=r):\"link\"===t.message&&(r=new URL(s.getAttribute(\"src\")),n=new URL(t.value),c.test(n.protocol))&&n.host===r.host&&l.activeElement===s&&(d.top.location.href=t.value))}},d.addEventListener(\"message\",d.wp.receiveEmbedMessage,!1),l.addEventListener(\"DOMContentLoaded\",function(){for(var e,t,s=l.querySelectorAll(\"iframe.wp-embedded-content\"),r=0;r<s.length;r++)(t=(e=s[r]).getAttribute(\"data-secret\"))||(t=Math.random().toString(36).substring(2,12),e.src+=\"#?secret=\"+t,e.setAttribute(\"data-secret\",t)),e.contentWindow.postMessage({message:\"ready\",secret:t},\"*\")},!1)))}(window,document);\n\/\/# sourceURL=https:\/\/archiwum.selena.com\/wp-includes\/js\/wp-embed.min.js\n<\/script>\n","description":"Pracownik Grupy Selena rozpocz\u0105\u0142 produkcj\u0119 przy\u0142bic oraz masek z\u00a0wymiennym filtrem i\u00a0bezp\u0142atnie przekazuje je szpitalom. Wszystkie materia\u0142y do wykonania przy\u0142bic oraz drukarki 3D pozyska\u0142 w\u00a0ramach w\u0142asnej inicjatywy. Bie\u017c\u0105ca partia obejmie 10.000 przy\u0142bic \u2013 planowane jest rozszerzenie...","thumbnail_url":"http:\/\/new.selena.com\/wp-content\/uploads\/68b18dfca62059e487d263498b538210.jpg"}